{"id":6188,"date":"2018-11-27T23:42:09","date_gmt":"2018-11-27T22:42:09","guid":{"rendered":"https:\/\/radolfzell-stadtbibliothek.de\/bibliotheque-electronique\/"},"modified":"2026-01-23T15:45:35","modified_gmt":"2026-01-23T14:45:35","slug":"bibliotheque-electronique","status":"publish","type":"page","link":"https:\/\/radolfzell-stadtbibliothek.de\/fr\/bibliotheque-electronique\/","title":{"rendered":"Biblioth\u00e8que \u00e9lectronique"},"content":{"rendered":"<h2><strong>Regarder en ligne des films, des documentaires et des films pour enfants en streaming<\/strong><\/h2>\n<p><img loading=\"lazy\" decoding=\"async\" class=\"alignnone size-medium wp-image-1500\" src=\"https:\/\/radolfzell-stadtbibliothek.de\/wp-content\/uploads\/sites\/7\/2021\/04\/filmfriend_webkachel-1-e1618408034916-300x156.jpg\" alt=\"\" width=\"300\" height=\"156\" srcset=\"https:\/\/radolfzell-stadtbibliothek.de\/wp-content\/uploads\/sites\/7\/2021\/04\/filmfriend_webkachel-1-e1618408034916-300x156.jpg 300w, https:\/\/radolfzell-stadtbibliothek.de\/wp-content\/uploads\/sites\/7\/2021\/04\/filmfriend_webkachel-1-e1618408034916-1024x532.jpg 1024w, https:\/\/radolfzell-stadtbibliothek.de\/wp-content\/uploads\/sites\/7\/2021\/04\/filmfriend_webkachel-1-e1618408034916-768x399.jpg 768w, https:\/\/radolfzell-stadtbibliothek.de\/wp-content\/uploads\/sites\/7\/2021\/04\/filmfriend_webkachel-1-e1618408034916-1536x798.jpg 1536w, https:\/\/radolfzell-stadtbibliothek.de\/wp-content\/uploads\/sites\/7\/2021\/04\/filmfriend_webkachel-1-e1618408034916-250x130.jpg 250w, https:\/\/radolfzell-stadtbibliothek.de\/wp-content\/uploads\/sites\/7\/2021\/04\/filmfriend_webkachel-1-e1618408034916-550x286.jpg 550w, https:\/\/radolfzell-stadtbibliothek.de\/wp-content\/uploads\/sites\/7\/2021\/04\/filmfriend_webkachel-1-e1618408034916-800x416.jpg 800w, https:\/\/radolfzell-stadtbibliothek.de\/wp-content\/uploads\/sites\/7\/2021\/04\/filmfriend_webkachel-1-e1618408034916-346x180.jpg 346w, https:\/\/radolfzell-stadtbibliothek.de\/wp-content\/uploads\/sites\/7\/2021\/04\/filmfriend_webkachel-1-e1618408034916-577x300.jpg 577w, https:\/\/radolfzell-stadtbibliothek.de\/wp-content\/uploads\/sites\/7\/2021\/04\/filmfriend_webkachel-1-e1618408034916-962x500.jpg 962w, https:\/\/radolfzell-stadtbibliothek.de\/wp-content\/uploads\/sites\/7\/2021\/04\/filmfriend_webkachel-1-e1618408034916.jpg 1920w\" sizes=\"auto, (max-width: 300px) 100vw, 300px\" \/><\/p>\n<p>La biblioth\u00e8que propose \u00e0 tous les cin\u00e9philes le portail \u00ab\u00a0filmfriend\u00a0\u00bb, qui leur donne acc\u00e8s \u00e0 plus de 2 500 films, s\u00e9ries, documentaires et films pour enfants de qualit\u00e9.<br \/>\nL&rsquo;offre comprend des films allemands, des titres d&rsquo;art et d&rsquo;essai internationaux et europ\u00e9ens, des classiques du cin\u00e9ma et une offre curat\u00e9e pour les enfants et les jeunes. Avec un tel choix, il y a quelque chose pour tout le monde &#8211; pour les cin\u00e9philes et les cin\u00e9philes, les familles, les enfants et les jeunes.<br \/>\nL&rsquo;inscription se fait facilement de chez soi ou en d\u00e9placement avec une carte de biblioth\u00e8que tout compris valide (num\u00e9ro et mot de passe). De plus, la classification par \u00e2ge pour les enfants est automatiquement v\u00e9rifi\u00e9e lors de l&rsquo;inscription.<br \/>\n\u00ab\u00a0filmfriend\u00a0\u00bb peut \u00eatre consult\u00e9 via le navigateur<strong>(pas<\/strong> Internet Explorer) sur PC \/ Mac ou via l&rsquo;application correspondante (Apple-Store ou Play-Store) sur tablette et smartphone, ainsi que sur les t\u00e9l\u00e9viseurs (via AppleTV ou Google ChromeCast).<br \/>\nContinuer vers : <a href=\"https:\/\/radolfzell.filmfriend.de\/\">filmfriend<\/a><br \/>\nSoutenu par \u00ab\u00a0WissensWandel\u00a0\u00bb, un projet de l&rsquo;association allemande des biblioth\u00e8ques (Deutscher Bibliotheksverband e.V.) dans le cadre du programme NEUSTART KULTUR de la d\u00e9l\u00e9gu\u00e9e du gouvernement f\u00e9d\u00e9ral \u00e0 la culture et aux m\u00e9dias (BKM), de la fondation Messmer et du cercle d&rsquo;amis de la biblioth\u00e8que municipale (Freundeskreis Stadtbibliothek e.V.).  <\/p>\n<p><a href=\"http:\/\/www.kulturstaatsministerin.de\" target=\"_blank\" rel=\"noopener\"><img loading=\"lazy\" decoding=\"async\" class=\"alignnone wp-image-1502\" src=\"https:\/\/radolfzell-stadtbibliothek.de\/wp-content\/uploads\/sites\/7\/2021\/04\/BKM_2017_Office_Farbe_de-e1618492001636-300x98.png\" alt=\"\" width=\"171\" height=\"56\" srcset=\"https:\/\/radolfzell-stadtbibliothek.de\/wp-content\/uploads\/sites\/7\/2021\/04\/BKM_2017_Office_Farbe_de-e1618492001636-300x98.png 300w, https:\/\/radolfzell-stadtbibliothek.de\/wp-content\/uploads\/sites\/7\/2021\/04\/BKM_2017_Office_Farbe_de-e1618492001636-1024x334.png 1024w, https:\/\/radolfzell-stadtbibliothek.de\/wp-content\/uploads\/sites\/7\/2021\/04\/BKM_2017_Office_Farbe_de-e1618492001636-768x251.png 768w, https:\/\/radolfzell-stadtbibliothek.de\/wp-content\/uploads\/sites\/7\/2021\/04\/BKM_2017_Office_Farbe_de-e1618492001636-1536x501.png 1536w, https:\/\/radolfzell-stadtbibliothek.de\/wp-content\/uploads\/sites\/7\/2021\/04\/BKM_2017_Office_Farbe_de-e1618492001636-250x82.png 250w, https:\/\/radolfzell-stadtbibliothek.de\/wp-content\/uploads\/sites\/7\/2021\/04\/BKM_2017_Office_Farbe_de-e1618492001636-550x179.png 550w, https:\/\/radolfzell-stadtbibliothek.de\/wp-content\/uploads\/sites\/7\/2021\/04\/BKM_2017_Office_Farbe_de-e1618492001636-800x261.png 800w, https:\/\/radolfzell-stadtbibliothek.de\/wp-content\/uploads\/sites\/7\/2021\/04\/BKM_2017_Office_Farbe_de-e1618492001636-552x180.png 552w, https:\/\/radolfzell-stadtbibliothek.de\/wp-content\/uploads\/sites\/7\/2021\/04\/BKM_2017_Office_Farbe_de-e1618492001636-919x300.png 919w, https:\/\/radolfzell-stadtbibliothek.de\/wp-content\/uploads\/sites\/7\/2021\/04\/BKM_2017_Office_Farbe_de-e1618492001636-1532x500.png 1532w, https:\/\/radolfzell-stadtbibliothek.de\/wp-content\/uploads\/sites\/7\/2021\/04\/BKM_2017_Office_Farbe_de-e1618492001636.png 1710w\" sizes=\"auto, (max-width: 171px) 100vw, 171px\" \/><\/a>   <a href=\"http:\/\/neustartkultur.de\" target=\"_blank\" rel=\"noopener\"><img loading=\"lazy\" decoding=\"async\" class=\"alignnone wp-image-1501\" src=\"https:\/\/radolfzell-stadtbibliothek.de\/wp-content\/uploads\/sites\/7\/2021\/04\/BKM_Neustart_Kultur_Wortmarke_pos_CMYK_RZ-e1618492048224-300x297.jpg\" alt=\"\" width=\"78\" height=\"77\" srcset=\"https:\/\/radolfzell-stadtbibliothek.de\/wp-content\/uploads\/sites\/7\/2021\/04\/BKM_Neustart_Kultur_Wortmarke_pos_CMYK_RZ-e1618492048224-300x300.jpg 300w, https:\/\/radolfzell-stadtbibliothek.de\/wp-content\/uploads\/sites\/7\/2021\/04\/BKM_Neustart_Kultur_Wortmarke_pos_CMYK_RZ-e1618492048224-1024x1013.jpg 1024w, https:\/\/radolfzell-stadtbibliothek.de\/wp-content\/uploads\/sites\/7\/2021\/04\/BKM_Neustart_Kultur_Wortmarke_pos_CMYK_RZ-e1618492048224-150x150.jpg 150w, https:\/\/radolfzell-stadtbibliothek.de\/wp-content\/uploads\/sites\/7\/2021\/04\/BKM_Neustart_Kultur_Wortmarke_pos_CMYK_RZ-e1618492048224-768x760.jpg 768w, https:\/\/radolfzell-stadtbibliothek.de\/wp-content\/uploads\/sites\/7\/2021\/04\/BKM_Neustart_Kultur_Wortmarke_pos_CMYK_RZ-e1618492048224-400x400.jpg 400w, https:\/\/radolfzell-stadtbibliothek.de\/wp-content\/uploads\/sites\/7\/2021\/04\/BKM_Neustart_Kultur_Wortmarke_pos_CMYK_RZ-e1618492048224-48x48.jpg 48w, https:\/\/radolfzell-stadtbibliothek.de\/wp-content\/uploads\/sites\/7\/2021\/04\/BKM_Neustart_Kultur_Wortmarke_pos_CMYK_RZ-e1618492048224-250x247.jpg 250w, https:\/\/radolfzell-stadtbibliothek.de\/wp-content\/uploads\/sites\/7\/2021\/04\/BKM_Neustart_Kultur_Wortmarke_pos_CMYK_RZ-e1618492048224-550x544.jpg 550w, https:\/\/radolfzell-stadtbibliothek.de\/wp-content\/uploads\/sites\/7\/2021\/04\/BKM_Neustart_Kultur_Wortmarke_pos_CMYK_RZ-e1618492048224-800x792.jpg 800w, https:\/\/radolfzell-stadtbibliothek.de\/wp-content\/uploads\/sites\/7\/2021\/04\/BKM_Neustart_Kultur_Wortmarke_pos_CMYK_RZ-e1618492048224-182x180.jpg 182w, https:\/\/radolfzell-stadtbibliothek.de\/wp-content\/uploads\/sites\/7\/2021\/04\/BKM_Neustart_Kultur_Wortmarke_pos_CMYK_RZ-e1618492048224-303x300.jpg 303w, https:\/\/radolfzell-stadtbibliothek.de\/wp-content\/uploads\/sites\/7\/2021\/04\/BKM_Neustart_Kultur_Wortmarke_pos_CMYK_RZ-e1618492048224-505x500.jpg 505w, https:\/\/radolfzell-stadtbibliothek.de\/wp-content\/uploads\/sites\/7\/2021\/04\/BKM_Neustart_Kultur_Wortmarke_pos_CMYK_RZ-e1618492048224.jpg 1240w\" sizes=\"auto, (max-width: 78px) 100vw, 78px\" \/><\/a>      <a href=\"http:\/\/www.bibliotheksverband.de\" target=\"_blank\" rel=\"noopener\"><img loading=\"lazy\" decoding=\"async\" class=\"alignnone wp-image-1506\" src=\"https:\/\/radolfzell-stadtbibliothek.de\/wp-content\/uploads\/sites\/7\/2021\/04\/dbv_logo_cmyk_kurz_blau-300x147.jpg\" alt=\"\" width=\"151\" height=\"74\" srcset=\"https:\/\/radolfzell-stadtbibliothek.de\/wp-content\/uploads\/sites\/7\/2021\/04\/dbv_logo_cmyk_kurz_blau-300x147.jpg 300w, https:\/\/radolfzell-stadtbibliothek.de\/wp-content\/uploads\/sites\/7\/2021\/04\/dbv_logo_cmyk_kurz_blau-768x375.jpg 768w, https:\/\/radolfzell-stadtbibliothek.de\/wp-content\/uploads\/sites\/7\/2021\/04\/dbv_logo_cmyk_kurz_blau-250x122.jpg 250w, https:\/\/radolfzell-stadtbibliothek.de\/wp-content\/uploads\/sites\/7\/2021\/04\/dbv_logo_cmyk_kurz_blau-550x269.jpg 550w, https:\/\/radolfzell-stadtbibliothek.de\/wp-content\/uploads\/sites\/7\/2021\/04\/dbv_logo_cmyk_kurz_blau-800x391.jpg 800w, https:\/\/radolfzell-stadtbibliothek.de\/wp-content\/uploads\/sites\/7\/2021\/04\/dbv_logo_cmyk_kurz_blau-368x180.jpg 368w, https:\/\/radolfzell-stadtbibliothek.de\/wp-content\/uploads\/sites\/7\/2021\/04\/dbv_logo_cmyk_kurz_blau-614x300.jpg 614w, https:\/\/radolfzell-stadtbibliothek.de\/wp-content\/uploads\/sites\/7\/2021\/04\/dbv_logo_cmyk_kurz_blau.jpg 968w\" sizes=\"auto, (max-width: 151px) 100vw, 151px\" \/><\/a>   <a href=\"http:\/\/www.bibliotheksverband.de\/wissenswandel\" target=\"_blank\" rel=\"noopener\"><img loading=\"lazy\" decoding=\"async\" class=\"alignnone wp-image-1505\" src=\"https:\/\/radolfzell-stadtbibliothek.de\/wp-content\/uploads\/sites\/7\/2021\/04\/WIssenswandel_wortmarke_farbe-300x113.jpg\" alt=\"\" width=\"226\" height=\"85\" srcset=\"https:\/\/radolfzell-stadtbibliothek.de\/wp-content\/uploads\/sites\/7\/2021\/04\/WIssenswandel_wortmarke_farbe-300x113.jpg 300w, https:\/\/radolfzell-stadtbibliothek.de\/wp-content\/uploads\/sites\/7\/2021\/04\/WIssenswandel_wortmarke_farbe-1024x385.jpg 1024w, https:\/\/radolfzell-stadtbibliothek.de\/wp-content\/uploads\/sites\/7\/2021\/04\/WIssenswandel_wortmarke_farbe-768x289.jpg 768w, https:\/\/radolfzell-stadtbibliothek.de\/wp-content\/uploads\/sites\/7\/2021\/04\/WIssenswandel_wortmarke_farbe-250x94.jpg 250w, https:\/\/radolfzell-stadtbibliothek.de\/wp-content\/uploads\/sites\/7\/2021\/04\/WIssenswandel_wortmarke_farbe-550x207.jpg 550w, https:\/\/radolfzell-stadtbibliothek.de\/wp-content\/uploads\/sites\/7\/2021\/04\/WIssenswandel_wortmarke_farbe-800x301.jpg 800w, https:\/\/radolfzell-stadtbibliothek.de\/wp-content\/uploads\/sites\/7\/2021\/04\/WIssenswandel_wortmarke_farbe-478x180.jpg 478w, https:\/\/radolfzell-stadtbibliothek.de\/wp-content\/uploads\/sites\/7\/2021\/04\/WIssenswandel_wortmarke_farbe-797x300.jpg 797w, https:\/\/radolfzell-stadtbibliothek.de\/wp-content\/uploads\/sites\/7\/2021\/04\/WIssenswandel_wortmarke_farbe.jpg 1060w\" sizes=\"auto, (max-width: 226px) 100vw, 226px\" \/><\/a><\/p>\n<p><a href=\"http:\/\/www.messmer-stiftung.de\/\" target=\"_blank\" rel=\"noopener\"><img loading=\"lazy\" decoding=\"async\" class=\"alignnone wp-image-1507\" src=\"https:\/\/radolfzell-stadtbibliothek.de\/wp-content\/uploads\/sites\/7\/2021\/04\/Logo_Messmer-Stiftung_CMYK-e1618559999950-300x82.jpg\" alt=\"\" width=\"172\" height=\"47\" srcset=\"https:\/\/radolfzell-stadtbibliothek.de\/wp-content\/uploads\/sites\/7\/2021\/04\/Logo_Messmer-Stiftung_CMYK-e1618559999950-300x82.jpg 300w, https:\/\/radolfzell-stadtbibliothek.de\/wp-content\/uploads\/sites\/7\/2021\/04\/Logo_Messmer-Stiftung_CMYK-e1618559999950-1024x279.jpg 1024w, https:\/\/radolfzell-stadtbibliothek.de\/wp-content\/uploads\/sites\/7\/2021\/04\/Logo_Messmer-Stiftung_CMYK-e1618559999950-768x210.jpg 768w, https:\/\/radolfzell-stadtbibliothek.de\/wp-content\/uploads\/sites\/7\/2021\/04\/Logo_Messmer-Stiftung_CMYK-e1618559999950-250x68.jpg 250w, https:\/\/radolfzell-stadtbibliothek.de\/wp-content\/uploads\/sites\/7\/2021\/04\/Logo_Messmer-Stiftung_CMYK-e1618559999950-550x150.jpg 550w, https:\/\/radolfzell-stadtbibliothek.de\/wp-content\/uploads\/sites\/7\/2021\/04\/Logo_Messmer-Stiftung_CMYK-e1618559999950-800x218.jpg 800w, https:\/\/radolfzell-stadtbibliothek.de\/wp-content\/uploads\/sites\/7\/2021\/04\/Logo_Messmer-Stiftung_CMYK-e1618559999950-660x180.jpg 660w, https:\/\/radolfzell-stadtbibliothek.de\/wp-content\/uploads\/sites\/7\/2021\/04\/Logo_Messmer-Stiftung_CMYK-e1618559999950.jpg 1037w\" sizes=\"auto, (max-width: 172px) 100vw, 172px\" \/><\/a>   <a href=\"http:\/\/freundebib.de\/\" target=\"_blank\" rel=\"noopener\"><img loading=\"lazy\" decoding=\"async\" class=\"alignnone wp-image-974\" src=\"https:\/\/radolfzell-stadtbibliothek.de\/wp-content\/uploads\/sites\/7\/2020\/07\/FKSR_LOGO_MODERN_HELL_EV-e1618406026847-300x298.png\" alt=\"\" width=\"74\" height=\"74\" srcset=\"https:\/\/radolfzell-stadtbibliothek.de\/wp-content\/uploads\/sites\/7\/2020\/07\/FKSR_LOGO_MODERN_HELL_EV-e1618406026847-300x300.png 300w, https:\/\/radolfzell-stadtbibliothek.de\/wp-content\/uploads\/sites\/7\/2020\/07\/FKSR_LOGO_MODERN_HELL_EV-e1618406026847-150x150.png 150w, https:\/\/radolfzell-stadtbibliothek.de\/wp-content\/uploads\/sites\/7\/2020\/07\/FKSR_LOGO_MODERN_HELL_EV-e1618406026847-768x764.png 768w, https:\/\/radolfzell-stadtbibliothek.de\/wp-content\/uploads\/sites\/7\/2020\/07\/FKSR_LOGO_MODERN_HELL_EV-e1618406026847-400x400.png 400w, https:\/\/radolfzell-stadtbibliothek.de\/wp-content\/uploads\/sites\/7\/2020\/07\/FKSR_LOGO_MODERN_HELL_EV-e1618406026847-48x48.png 48w, https:\/\/radolfzell-stadtbibliothek.de\/wp-content\/uploads\/sites\/7\/2020\/07\/FKSR_LOGO_MODERN_HELL_EV-e1618406026847-250x249.png 250w, https:\/\/radolfzell-stadtbibliothek.de\/wp-content\/uploads\/sites\/7\/2020\/07\/FKSR_LOGO_MODERN_HELL_EV-e1618406026847-550x547.png 550w, https:\/\/radolfzell-stadtbibliothek.de\/wp-content\/uploads\/sites\/7\/2020\/07\/FKSR_LOGO_MODERN_HELL_EV-e1618406026847-800x796.png 800w, https:\/\/radolfzell-stadtbibliothek.de\/wp-content\/uploads\/sites\/7\/2020\/07\/FKSR_LOGO_MODERN_HELL_EV-e1618406026847-181x180.png 181w, https:\/\/radolfzell-stadtbibliothek.de\/wp-content\/uploads\/sites\/7\/2020\/07\/FKSR_LOGO_MODERN_HELL_EV-e1618406026847-302x300.png 302w, https:\/\/radolfzell-stadtbibliothek.de\/wp-content\/uploads\/sites\/7\/2020\/07\/FKSR_LOGO_MODERN_HELL_EV-e1618406026847-503x500.png 503w, https:\/\/radolfzell-stadtbibliothek.de\/wp-content\/uploads\/sites\/7\/2020\/07\/FKSR_LOGO_MODERN_HELL_EV-e1618406026847.png 893w\" sizes=\"auto, (max-width: 74px) 100vw, 74px\" \/><\/a><\/p>\n<p>&nbsp;<\/p>\n<p>&nbsp;<\/p>\n<p>&nbsp;<\/p>\n<p><img loading=\"lazy\" decoding=\"async\" class=\"alignnone wp-image-199 size-medium\" src=\"https:\/\/radolfzell-stadtbibliothek.de\/wp-content\/uploads\/sites\/7\/2019\/09\/Ligi-Onleihe-HB-Final-300x126.png\" alt=\"Emprunt Hegau-Bodensee\" width=\"300\" height=\"126\" srcset=\"https:\/\/radolfzell-stadtbibliothek.de\/wp-content\/uploads\/sites\/7\/2019\/09\/Ligi-Onleihe-HB-Final-300x126.png 300w, https:\/\/radolfzell-stadtbibliothek.de\/wp-content\/uploads\/sites\/7\/2019\/09\/Ligi-Onleihe-HB-Final-768x322.png 768w, https:\/\/radolfzell-stadtbibliothek.de\/wp-content\/uploads\/sites\/7\/2019\/09\/Ligi-Onleihe-HB-Final-1024x429.png 1024w, https:\/\/radolfzell-stadtbibliothek.de\/wp-content\/uploads\/sites\/7\/2019\/09\/Ligi-Onleihe-HB-Final-250x105.png 250w, https:\/\/radolfzell-stadtbibliothek.de\/wp-content\/uploads\/sites\/7\/2019\/09\/Ligi-Onleihe-HB-Final-550x230.png 550w, https:\/\/radolfzell-stadtbibliothek.de\/wp-content\/uploads\/sites\/7\/2019\/09\/Ligi-Onleihe-HB-Final-800x335.png 800w, https:\/\/radolfzell-stadtbibliothek.de\/wp-content\/uploads\/sites\/7\/2019\/09\/Ligi-Onleihe-HB-Final-430x180.png 430w, https:\/\/radolfzell-stadtbibliothek.de\/wp-content\/uploads\/sites\/7\/2019\/09\/Ligi-Onleihe-HB-Final-716x300.png 716w, https:\/\/radolfzell-stadtbibliothek.de\/wp-content\/uploads\/sites\/7\/2019\/09\/Ligi-Onleihe-HB-Final-1193x500.png 1193w\" sizes=\"auto, (max-width: 300px) 100vw, 300px\" \/><\/p>\n<p>La biblioth\u00e8que municipale de Radolfzell offre \u00e0 ses lecteurs la possibilit\u00e9 de t\u00e9l\u00e9charger des m\u00e9dias num\u00e9riques de chez eux ou en d\u00e9placement, en tout confort, sur leur ordinateur personnel ou sur des appareils mobiles comme les lecteurs de livres \u00e9lectroniques, les smartphones, les ordinateurs portables et les tablettes PC. Plus de 7.500 titres sous licence, dont des journaux, des magazines, des romans, des livres sp\u00e9cialis\u00e9s et des livres audio, sont disponibles jour et nuit pour le pr\u00eat num\u00e9rique gr\u00e2ce \u00e0 l&rsquo;Onleihe Hegau-Bodensee.<\/p>\n<p>Pour utiliser l&rsquo;offre, une carte de biblioth\u00e8que All-Inclusive valable de la biblioth\u00e8que municipale de Radolfzell ainsi qu&rsquo;un appareil pour lire ou \u00e9couter sont n\u00e9cessaires.<\/p>\n<p>Pour pouvoir emprunter des m\u00e9dias et acc\u00e9der \u00e0 son propre compte d&rsquo;utilisateur, il est n\u00e9cessaire de s&rsquo;inscrire avec le num\u00e9ro de sa carte de biblioth\u00e8que personnelle et son mot de passe. Les titres peuvent alors \u00eatre t\u00e9l\u00e9charg\u00e9s ou lus en streaming sous forme de fichiers et sont utilisables pendant la dur\u00e9e du pr\u00eat. Ils se d\u00e9sactivent ensuite d&rsquo;eux-m\u00eames, ce qui \u00e9vite les rappels. Jusqu&rsquo;\u00e0 dix m\u00e9dias peuvent \u00eatre emprunt\u00e9s simultan\u00e9ment. L&rsquo;utilisation d&rsquo;Onleihe est particuli\u00e8rement confortable avec l&rsquo;application Onleihe<a href=\"https:\/\/hilfe.onleihe.de\/hilfe-onleihe-de\/c-3556\" target=\"_blank\" rel=\"noopener noreferrer\">(aide Onleihe App<\/a>).<\/p>\n<p>&nbsp;<\/p>\n<p>&nbsp;<\/p>\n<h2>Journaux et magazines en ligne<\/h2>\n<p><img loading=\"lazy\" decoding=\"async\" class=\"alignnone wp-image-191 size-medium\" src=\"https:\/\/radolfzell-stadtbibliothek.de\/wp-content\/uploads\/sites\/7\/2019\/09\/pr-logo-basic-300x131.jpg\" alt=\"lecteur de presse\" width=\"300\" height=\"131\" srcset=\"https:\/\/radolfzell-stadtbibliothek.de\/wp-content\/uploads\/sites\/7\/2019\/09\/pr-logo-basic-300x131.jpg 300w, https:\/\/radolfzell-stadtbibliothek.de\/wp-content\/uploads\/sites\/7\/2019\/09\/pr-logo-basic-768x334.jpg 768w, https:\/\/radolfzell-stadtbibliothek.de\/wp-content\/uploads\/sites\/7\/2019\/09\/pr-logo-basic-1024x446.jpg 1024w, https:\/\/radolfzell-stadtbibliothek.de\/wp-content\/uploads\/sites\/7\/2019\/09\/pr-logo-basic-250x109.jpg 250w, https:\/\/radolfzell-stadtbibliothek.de\/wp-content\/uploads\/sites\/7\/2019\/09\/pr-logo-basic-550x239.jpg 550w, https:\/\/radolfzell-stadtbibliothek.de\/wp-content\/uploads\/sites\/7\/2019\/09\/pr-logo-basic-800x348.jpg 800w, https:\/\/radolfzell-stadtbibliothek.de\/wp-content\/uploads\/sites\/7\/2019\/09\/pr-logo-basic-414x180.jpg 414w, https:\/\/radolfzell-stadtbibliothek.de\/wp-content\/uploads\/sites\/7\/2019\/09\/pr-logo-basic-689x300.jpg 689w, https:\/\/radolfzell-stadtbibliothek.de\/wp-content\/uploads\/sites\/7\/2019\/09\/pr-logo-basic-1149x500.jpg 1149w, https:\/\/radolfzell-stadtbibliothek.de\/wp-content\/uploads\/sites\/7\/2019\/09\/pr-logo-basic.jpg 1218w\" sizes=\"auto, (max-width: 300px) 100vw, 300px\" \/><\/p>\n<p>Pressreader est un portail de presse en ligne avec plus de 7000 journaux et magazines de 120 pays en 60 langues dans leur mise en page originale, que vous pouvez utiliser de chez vous ou sur votre mobile.<\/p>\n<p>par ex. Neue Z\u00fcrcher Zeitung, Washington Post, Corriera della Serra, ainsi qu&rsquo;un grand choix de magazines PC et techniques, Haus und Garten, le Handelsblatt international.<\/p>\n<p>Chaque utilisateur peut acc\u00e9der au contenu simplement en se connectant avec le num\u00e9ro d&rsquo;utilisateur et le mot de passe d&rsquo;une carte de biblioth\u00e8que valide.<\/p>\n<p>Pour utiliser l&rsquo;application, vous devez d&rsquo;abord ouvrir Pressreader sur le site web de la biblioth\u00e8que dans votre navigateur et s\u00e9lectionner la biblioth\u00e8que municipale de Radolfzell dans le bouton \u00ab\u00a0Connexion biblioth\u00e8que ou groupe\u00a0\u00bb et vous connecter avec le num\u00e9ro d&rsquo;utilisateur et le mot de passe de votre carte de biblioth\u00e8que<a href=\"http:\/\/radolfzell-stadtbibliothek.de\/wp-content\/uploads\/sites\/7\/2019\/09\/2019_PressReader-Kurzanleitung-Flyer-Radolfzell-V2.pdf\">(guide rapide PressReader<\/a>)<br \/>\nNous remercions le soutien de la  <img loading=\"lazy\" decoding=\"async\" class=\"alignnone wp-image-523 size-full\" src=\"https:\/\/radolfzell-stadtbibliothek.de\/wp-content\/uploads\/sites\/7\/2019\/11\/Logo_Messmer-Stiftung_RGB-e1573138330485.png\" alt=\"\" width=\"169\" height=\"42\"><\/p>\n<h2>Application PressReader<\/h2>\n<p>Pour les appareils mobiles avec syst\u00e8me d&rsquo;exploitation Android, Apple iOS et Blackberry, l&rsquo;application gratuite PressReader peut \u00eatre t\u00e9l\u00e9charg\u00e9e dans les stores correspondants.<br \/>\nL&rsquo;application permet de t\u00e9l\u00e9charger la publication compl\u00e8te (journaux et magazines) et de lire ensuite le contenu hors ligne.<\/p>\n<p>Pour utiliser l&rsquo;application, vous devez d&rsquo;abord ouvrir Pressreader sur le site web de la biblioth\u00e8que dans votre navigateur et s\u00e9lectionner la biblioth\u00e8que municipale de Radolfzell dans le bouton \u00ab\u00a0Connexion biblioth\u00e8que ou groupe\u00a0\u00bb et vous connecter avec le num\u00e9ro d&rsquo;utilisateur et le mot de passe de votre carte de biblioth\u00e8que.<\/p>\n<p>Il vous sera alors demand\u00e9 de cr\u00e9er un acc\u00e8s personnalis\u00e9 ou de vous connecter avec. Cette demande peut toutefois \u00eatre ignor\u00e9e et n&rsquo;est pas obligatoire. L&rsquo;acc\u00e8s est alors activ\u00e9 pour 30 jours, apr\u00e8s quoi il est n\u00e9cessaire de se r\u00e9inscrire.  <\/p>\n<p>&nbsp;<\/p>\n<h2>Encyclop\u00e9dies en ligne<\/h2>\n<p>L&rsquo;inscription aux encyclop\u00e9dies en ligne se fait avec le num\u00e9ro de votre carte de biblioth\u00e8que et votre mot de passe (date de naissance jj.mm.aaaa, par exemple 09.09.1999).<\/p>\n<p><iframe loading=\"lazy\" title=\"Brockhaus Angebote in der Stadtbibliothek Radolfzell\" src=\"https:\/\/player.vimeo.com\/video\/609556858?dnt=1&amp;app_id=122963\" width=\"500\" height=\"281\" frameborder=\"0\" allow=\"autoplay; fullscreen; picture-in-picture; clipboard-write; encrypted-media; web-share\" referrerpolicy=\"strict-origin-when-cross-origin\"><\/iframe><\/p>\n<p><img loading=\"lazy\" decoding=\"async\" class=\"alignnone wp-image-525 size-medium\" src=\"https:\/\/radolfzell-stadtbibliothek.de\/wp-content\/uploads\/sites\/7\/2019\/11\/Brockhaus_Logo-300x117.png\" alt=\"Logo Brockhaus\" width=\"300\" height=\"117\" srcset=\"https:\/\/radolfzell-stadtbibliothek.de\/wp-content\/uploads\/sites\/7\/2019\/11\/Brockhaus_Logo-300x117.png 300w, https:\/\/radolfzell-stadtbibliothek.de\/wp-content\/uploads\/sites\/7\/2019\/11\/Brockhaus_Logo-768x300.png 768w, https:\/\/radolfzell-stadtbibliothek.de\/wp-content\/uploads\/sites\/7\/2019\/11\/Brockhaus_Logo-1024x400.png 1024w, https:\/\/radolfzell-stadtbibliothek.de\/wp-content\/uploads\/sites\/7\/2019\/11\/Brockhaus_Logo-250x98.png 250w, https:\/\/radolfzell-stadtbibliothek.de\/wp-content\/uploads\/sites\/7\/2019\/11\/Brockhaus_Logo-550x215.png 550w, https:\/\/radolfzell-stadtbibliothek.de\/wp-content\/uploads\/sites\/7\/2019\/11\/Brockhaus_Logo-800x313.png 800w, https:\/\/radolfzell-stadtbibliothek.de\/wp-content\/uploads\/sites\/7\/2019\/11\/Brockhaus_Logo-460x180.png 460w, https:\/\/radolfzell-stadtbibliothek.de\/wp-content\/uploads\/sites\/7\/2019\/11\/Brockhaus_Logo-767x300.png 767w, https:\/\/radolfzell-stadtbibliothek.de\/wp-content\/uploads\/sites\/7\/2019\/11\/Brockhaus_Logo.png 1082w\" sizes=\"auto, (max-width: 300px) 100vw, 300px\" \/>         <img loading=\"lazy\" decoding=\"async\" class=\"alignnone wp-image-1029 size-medium\" src=\"https:\/\/radolfzell-stadtbibliothek.de\/wp-content\/uploads\/sites\/7\/2020\/08\/MA_Logo_4c_2019_1920px-300x77.jpg\" alt=\"\" width=\"300\" height=\"77\" srcset=\"https:\/\/radolfzell-stadtbibliothek.de\/wp-content\/uploads\/sites\/7\/2020\/08\/MA_Logo_4c_2019_1920px-300x77.jpg 300w, https:\/\/radolfzell-stadtbibliothek.de\/wp-content\/uploads\/sites\/7\/2020\/08\/MA_Logo_4c_2019_1920px-1024x261.jpg 1024w, https:\/\/radolfzell-stadtbibliothek.de\/wp-content\/uploads\/sites\/7\/2020\/08\/MA_Logo_4c_2019_1920px-768x196.jpg 768w, https:\/\/radolfzell-stadtbibliothek.de\/wp-content\/uploads\/sites\/7\/2020\/08\/MA_Logo_4c_2019_1920px-1536x392.jpg 1536w, https:\/\/radolfzell-stadtbibliothek.de\/wp-content\/uploads\/sites\/7\/2020\/08\/MA_Logo_4c_2019_1920px-250x64.jpg 250w, https:\/\/radolfzell-stadtbibliothek.de\/wp-content\/uploads\/sites\/7\/2020\/08\/MA_Logo_4c_2019_1920px-550x140.jpg 550w, https:\/\/radolfzell-stadtbibliothek.de\/wp-content\/uploads\/sites\/7\/2020\/08\/MA_Logo_4c_2019_1920px-800x204.jpg 800w, https:\/\/radolfzell-stadtbibliothek.de\/wp-content\/uploads\/sites\/7\/2020\/08\/MA_Logo_4c_2019_1920px-705x180.jpg 705w, https:\/\/radolfzell-stadtbibliothek.de\/wp-content\/uploads\/sites\/7\/2020\/08\/MA_Logo_4c_2019_1920px-1176x300.jpg 1176w, https:\/\/radolfzell-stadtbibliothek.de\/wp-content\/uploads\/sites\/7\/2020\/08\/MA_Logo_4c_2019_1920px.jpg 1920w\" sizes=\"auto, (max-width: 300px) 100vw, 300px\" \/><\/p>\n<p>A la recherche de connaissances s\u00fbres ? Avec plus de 300 000 mots-cl\u00e9s et termes expliqu\u00e9s, l&rsquo;encyclop\u00e9die Brockhaus fournit des informations v\u00e9rifi\u00e9es \u00e0 100 % par la r\u00e9daction &#8211; claires, concentr\u00e9es, compr\u00e9hensibles par tous.<\/p>\n<p><em>Brockhaus &amp; Duden Basiswissen Schule (Munzinger)<\/em><br \/>\nVous pouvez vous informer en ligne dans les bases de donn\u00e9es Munzinger, Duden &#8211; Basiswissen Schule f\u00fcr Mittelstufe und Oberstufe \/ Abitur.<\/p>\n","protected":false},"excerpt":{"rendered":"<p>Regarder en ligne des films, des documentaires et des films pour enfants en streaming La biblioth\u00e8que propose \u00e0 tous les [&hellip;]<\/p>\n","protected":false},"author":1,"featured_media":0,"parent":0,"menu_order":0,"comment_status":"closed","ping_status":"closed","template":"page-layout1.php","meta":{"_price":"","_stock":"","_tribe_ticket_header":"","_tribe_default_ticket_provider":"","_ticket_start_date":"","_ticket_end_date":"","_tribe_ticket_show_description":"","_tribe_ticket_show_not_going":false,"_tribe_ticket_use_global_stock":"","_tribe_ticket_global_stock_level":"","_global_stock_mode":"","_global_stock_cap":"","_tribe_rsvp_for_event":"","_tribe_ticket_going_count":"","_tribe_ticket_not_going_count":"","_tribe_tickets_list":"[]","_tribe_ticket_has_attendee_info_fields":false,"footnotes":""},"class_list":["post-6188","page","type-page","status-publish","hentry"],"yoast_head":"<!-- This site is optimized with the Yoast SEO plugin v26.7 - https:\/\/yoast.com\/wordpress\/plugins\/seo\/ -->\n<title>Biblioth\u00e8que \u00e9lectronique | Stadtbibliothek<\/title>\n<meta name=\"robots\" content=\"index, follow, max-snippet:-1, max-image-preview:large, max-video-preview:-1\" \/>\n<link rel=\"canonical\" href=\"https:\/\/radolfzell-stadtbibliothek.de\/fr\/bibliotheque-electronique\/\" \/>\n<meta property=\"og:locale\" content=\"fr_FR\" \/>\n<meta property=\"og:type\" content=\"article\" \/>\n<meta property=\"og:title\" content=\"Biblioth\u00e8que \u00e9lectronique | Stadtbibliothek\" \/>\n<meta property=\"og:description\" content=\"Regarder en ligne des films, des documentaires et des films pour enfants en streaming La biblioth\u00e8que propose \u00e0 tous les [&hellip;]\" \/>\n<meta property=\"og:url\" content=\"https:\/\/radolfzell-stadtbibliothek.de\/fr\/bibliotheque-electronique\/\" \/>\n<meta property=\"og:site_name\" content=\"Stadtbibliothek\" \/>\n<meta property=\"article:modified_time\" content=\"2026-01-23T14:45:35+00:00\" \/>\n<meta property=\"og:image\" content=\"https:\/\/radolfzell-stadtbibliothek.de\/wp-content\/uploads\/sites\/7\/2021\/04\/filmfriend_webkachel-1-e1618408034916-300x156.jpg\" \/>\n<meta name=\"twitter:card\" content=\"summary_large_image\" \/>\n<meta name=\"twitter:label1\" content=\"Dur\u00e9e de lecture estim\u00e9e\" \/>\n\t<meta name=\"twitter:data1\" content=\"4 minutes\" \/>\n<script type=\"application\/ld+json\" class=\"yoast-schema-graph\">{\"@context\":\"https:\/\/schema.org\",\"@graph\":[{\"@type\":\"WebPage\",\"@id\":\"https:\/\/radolfzell-stadtbibliothek.de\/fr\/bibliotheque-electronique\/\",\"url\":\"https:\/\/radolfzell-stadtbibliothek.de\/fr\/bibliotheque-electronique\/\",\"name\":\"Biblioth\u00e8que \u00e9lectronique | Stadtbibliothek\",\"isPartOf\":{\"@id\":\"https:\/\/radolfzell-stadtbibliothek.de\/fr\/#website\"},\"primaryImageOfPage\":{\"@id\":\"https:\/\/radolfzell-stadtbibliothek.de\/fr\/bibliotheque-electronique\/#primaryimage\"},\"image\":{\"@id\":\"https:\/\/radolfzell-stadtbibliothek.de\/fr\/bibliotheque-electronique\/#primaryimage\"},\"thumbnailUrl\":\"https:\/\/radolfzell-stadtbibliothek.de\/wp-content\/uploads\/sites\/7\/2021\/04\/filmfriend_webkachel-1-e1618408034916-300x156.jpg\",\"datePublished\":\"2018-11-27T22:42:09+00:00\",\"dateModified\":\"2026-01-23T14:45:35+00:00\",\"breadcrumb\":{\"@id\":\"https:\/\/radolfzell-stadtbibliothek.de\/fr\/bibliotheque-electronique\/#breadcrumb\"},\"inLanguage\":\"fr-FR\",\"potentialAction\":[{\"@type\":\"ReadAction\",\"target\":[\"https:\/\/radolfzell-stadtbibliothek.de\/fr\/bibliotheque-electronique\/\"]}]},{\"@type\":\"ImageObject\",\"inLanguage\":\"fr-FR\",\"@id\":\"https:\/\/radolfzell-stadtbibliothek.de\/fr\/bibliotheque-electronique\/#primaryimage\",\"url\":\"https:\/\/radolfzell-stadtbibliothek.de\/wp-content\/uploads\/sites\/7\/2021\/04\/filmfriend_webkachel-1-e1618408034916-300x156.jpg\",\"contentUrl\":\"https:\/\/radolfzell-stadtbibliothek.de\/wp-content\/uploads\/sites\/7\/2021\/04\/filmfriend_webkachel-1-e1618408034916-300x156.jpg\"},{\"@type\":\"BreadcrumbList\",\"@id\":\"https:\/\/radolfzell-stadtbibliothek.de\/fr\/bibliotheque-electronique\/#breadcrumb\",\"itemListElement\":[{\"@type\":\"ListItem\",\"position\":1,\"name\":\"Startseite\",\"item\":\"https:\/\/radolfzell-stadtbibliothek.de\/fr\/page-daccueil\/\"},{\"@type\":\"ListItem\",\"position\":2,\"name\":\"Biblioth\u00e8que \u00e9lectronique\"}]},{\"@type\":\"WebSite\",\"@id\":\"https:\/\/radolfzell-stadtbibliothek.de\/fr\/#website\",\"url\":\"https:\/\/radolfzell-stadtbibliothek.de\/fr\/\",\"name\":\"Stadtbibliothek\",\"description\":\"\",\"potentialAction\":[{\"@type\":\"SearchAction\",\"target\":{\"@type\":\"EntryPoint\",\"urlTemplate\":\"https:\/\/radolfzell-stadtbibliothek.de\/fr\/?s={search_term_string}\"},\"query-input\":{\"@type\":\"PropertyValueSpecification\",\"valueRequired\":true,\"valueName\":\"search_term_string\"}}],\"inLanguage\":\"fr-FR\"}]}<\/script>\n<!-- \/ Yoast SEO plugin. -->","yoast_head_json":{"title":"Biblioth\u00e8que \u00e9lectronique | Stadtbibliothek","robots":{"index":"index","follow":"follow","max-snippet":"max-snippet:-1","max-image-preview":"max-image-preview:large","max-video-preview":"max-video-preview:-1"},"canonical":"https:\/\/radolfzell-stadtbibliothek.de\/fr\/bibliotheque-electronique\/","og_locale":"fr_FR","og_type":"article","og_title":"Biblioth\u00e8que \u00e9lectronique | Stadtbibliothek","og_description":"Regarder en ligne des films, des documentaires et des films pour enfants en streaming La biblioth\u00e8que propose \u00e0 tous les [&hellip;]","og_url":"https:\/\/radolfzell-stadtbibliothek.de\/fr\/bibliotheque-electronique\/","og_site_name":"Stadtbibliothek","article_modified_time":"2026-01-23T14:45:35+00:00","og_image":[{"url":"https:\/\/radolfzell-stadtbibliothek.de\/wp-content\/uploads\/sites\/7\/2021\/04\/filmfriend_webkachel-1-e1618408034916-300x156.jpg","type":"","width":"","height":""}],"twitter_card":"summary_large_image","twitter_misc":{"Dur\u00e9e de lecture estim\u00e9e":"4 minutes"},"schema":{"@context":"https:\/\/schema.org","@graph":[{"@type":"WebPage","@id":"https:\/\/radolfzell-stadtbibliothek.de\/fr\/bibliotheque-electronique\/","url":"https:\/\/radolfzell-stadtbibliothek.de\/fr\/bibliotheque-electronique\/","name":"Biblioth\u00e8que \u00e9lectronique | Stadtbibliothek","isPartOf":{"@id":"https:\/\/radolfzell-stadtbibliothek.de\/fr\/#website"},"primaryImageOfPage":{"@id":"https:\/\/radolfzell-stadtbibliothek.de\/fr\/bibliotheque-electronique\/#primaryimage"},"image":{"@id":"https:\/\/radolfzell-stadtbibliothek.de\/fr\/bibliotheque-electronique\/#primaryimage"},"thumbnailUrl":"https:\/\/radolfzell-stadtbibliothek.de\/wp-content\/uploads\/sites\/7\/2021\/04\/filmfriend_webkachel-1-e1618408034916-300x156.jpg","datePublished":"2018-11-27T22:42:09+00:00","dateModified":"2026-01-23T14:45:35+00:00","breadcrumb":{"@id":"https:\/\/radolfzell-stadtbibliothek.de\/fr\/bibliotheque-electronique\/#breadcrumb"},"inLanguage":"fr-FR","potentialAction":[{"@type":"ReadAction","target":["https:\/\/radolfzell-stadtbibliothek.de\/fr\/bibliotheque-electronique\/"]}]},{"@type":"ImageObject","inLanguage":"fr-FR","@id":"https:\/\/radolfzell-stadtbibliothek.de\/fr\/bibliotheque-electronique\/#primaryimage","url":"https:\/\/radolfzell-stadtbibliothek.de\/wp-content\/uploads\/sites\/7\/2021\/04\/filmfriend_webkachel-1-e1618408034916-300x156.jpg","contentUrl":"https:\/\/radolfzell-stadtbibliothek.de\/wp-content\/uploads\/sites\/7\/2021\/04\/filmfriend_webkachel-1-e1618408034916-300x156.jpg"},{"@type":"BreadcrumbList","@id":"https:\/\/radolfzell-stadtbibliothek.de\/fr\/bibliotheque-electronique\/#breadcrumb","itemListElement":[{"@type":"ListItem","position":1,"name":"Startseite","item":"https:\/\/radolfzell-stadtbibliothek.de\/fr\/page-daccueil\/"},{"@type":"ListItem","position":2,"name":"Biblioth\u00e8que \u00e9lectronique"}]},{"@type":"WebSite","@id":"https:\/\/radolfzell-stadtbibliothek.de\/fr\/#website","url":"https:\/\/radolfzell-stadtbibliothek.de\/fr\/","name":"Stadtbibliothek","description":"","potentialAction":[{"@type":"SearchAction","target":{"@type":"EntryPoint","urlTemplate":"https:\/\/radolfzell-stadtbibliothek.de\/fr\/?s={search_term_string}"},"query-input":{"@type":"PropertyValueSpecification","valueRequired":true,"valueName":"search_term_string"}}],"inLanguage":"fr-FR"}]}},"_links":{"self":[{"href":"https:\/\/radolfzell-stadtbibliothek.de\/fr\/wp-json\/wp\/v2\/pages\/6188","targetHints":{"allow":["GET"]}}],"collection":[{"href":"https:\/\/radolfzell-stadtbibliothek.de\/fr\/wp-json\/wp\/v2\/pages"}],"about":[{"href":"https:\/\/radolfzell-stadtbibliothek.de\/fr\/wp-json\/wp\/v2\/types\/page"}],"author":[{"embeddable":true,"href":"https:\/\/radolfzell-stadtbibliothek.de\/fr\/wp-json\/wp\/v2\/users\/1"}],"replies":[{"embeddable":true,"href":"https:\/\/radolfzell-stadtbibliothek.de\/fr\/wp-json\/wp\/v2\/comments?post=6188"}],"version-history":[{"count":4,"href":"https:\/\/radolfzell-stadtbibliothek.de\/fr\/wp-json\/wp\/v2\/pages\/6188\/revisions"}],"predecessor-version":[{"id":27137,"href":"https:\/\/radolfzell-stadtbibliothek.de\/fr\/wp-json\/wp\/v2\/pages\/6188\/revisions\/27137"}],"wp:attachment":[{"href":"https:\/\/radolfzell-stadtbibliothek.de\/fr\/wp-json\/wp\/v2\/media?parent=6188"}],"curies":[{"name":"wp","href":"https:\/\/api.w.org\/{rel}","templated":true}]}}