{"id":6176,"date":"2018-11-27T23:42:29","date_gmt":"2018-11-27T22:42:29","guid":{"rendered":"https:\/\/radolfzell-stadtbibliothek.de\/page-daccueil\/bibliotheques-de-quartier\/"},"modified":"2025-07-23T09:11:36","modified_gmt":"2025-07-23T07:11:36","slug":"bibliotheques-de-quartier","status":"publish","type":"page","link":"https:\/\/radolfzell-stadtbibliothek.de\/fr\/page-daccueil\/bibliotheques-de-quartier\/","title":{"rendered":"Biblioth\u00e8ques de quartier"},"content":{"rendered":"<h2>Biblioth\u00e8que de quartier de B\u00f6hringen<\/h2>\n<p><strong>Vacances d&rsquo;\u00e9t\u00e9 \u00e0 la biblioth\u00e8que de quartier de B\u00f6hringen du<\/strong><\/p>\n<p><strong>25.8. &#8211; 14.9.2025<\/strong><\/p>\n<p><img loading=\"lazy\" decoding=\"async\" class=\"img-fluid wp-image-109 size-large\" src=\"https:\/\/radolfzell-stadtbibliothek.de\/wp-content\/uploads\/sites\/7\/2019\/07\/Ortsteilbibliothek-B%C3%AEhringen_Copyright-Stadtbibliothek-Radolfzell-1024x680.jpg\" alt=\"Biblioth\u00e8que de quartier de B\u00f6hringen\" width=\"1024\" height=\"680\"><\/p>\n<p><em>Image : Administration municipale de Radolfzell<\/em><\/p>\n<p>Une \u00e9quipe de b\u00e9n\u00e9voles passionn\u00e9s de lecture se charge du pr\u00eat dans les deux salles lumineuses du premier \u00e9tage de la mairie de Boehringen.<br \/>\nOutre de superbes livres d&rsquo;images, des r\u00e9cits , des bandes dessin\u00e9es, des livres sp\u00e9cialis\u00e9s pour enfants et des jeux, il y a une salle avec un canap\u00e9 et des romans. 3000 m\u00e9dias sont \u00e0 la disposition des petits et grands passionn\u00e9s de livres.<\/p>\n<h4>Attention aux nouvelles heures d&rsquo;ouverture \u00e0 partir de 2024 :<\/h4>\n<p>lundi de 15h30 \u00e0 18h00<\/p>\n<p>jeudi de 15h30 \u00e0 18h00<\/p>\n<p>\u00c0 la mairie<br \/>\nRathausstr. 3<\/p>\n<p>&nbsp;<\/p>\n<hr>\n<h2>Biblioth\u00e8que de quartier de G\u00fcttingen<\/h2>\n<p><strong>Vacances d&rsquo;\u00e9t\u00e9 \u00e0 la biblioth\u00e8que de quartier de G\u00fcttingen du<\/strong><\/p>\n<p><strong>25.8. &#8211; 14.9.2025<\/strong><\/p>\n<div id=\"attachment_110\" style=\"width: 1034px\" class=\"wp-caption alignnone\"><img loading=\"lazy\" decoding=\"async\" aria-describedby=\"caption-attachment-110\" class=\"img-fluid wp-image-110 size-large\" src=\"https:\/\/radolfzell-stadtbibliothek.de\/wp-content\/uploads\/sites\/7\/2019\/07\/Ortsteilbibliothek-G%C3%85ttingen_Copyright-Desiree-Huber-1024x683.jpg\" alt=\"Biblioth\u00e8que de quartier de G\u00fcttingen\" width=\"1024\" height=\"683\"><\/p>\n<p id=\"caption-attachment-110\" class=\"wp-caption-text\"><em>Image : Desiree Huber<\/em><\/p>\n<\/div>\n<p>Petit, mais raffin\u00e9 &#8211; et toujours une bonne ambiance. De nombreux r\u00e9cits passionnants, de beaux livres d&rsquo;images, des ouvrages sp\u00e9cialis\u00e9s informatifs, des livres audio et un grand choix de bandes dessin\u00e9es attendent leurs lecteurs \u00e0 la biblioth\u00e8que de quartier<br \/>\nG\u00fcttingen. Devant la porte, les petits visiteurs peuvent se d\u00e9fouler sur l&rsquo;aire de jeux.<\/p>\n<h4>Horaires d&rsquo;ouverture :<\/h4>\n<p>Lundi de 16h \u00e0 18h<\/p>\n<p>\u00c0 la mairie<br \/>\nBadener Str. 19<\/p>\n<p>&nbsp;<\/p>\n<hr>\n<h2>Biblioth\u00e8que de quartier de Stahringen<\/h2>\n<p><strong>Vacances d&rsquo;\u00e9t\u00e9 \u00e0 la biblioth\u00e8que de quartier de Stahringen du<\/strong><\/p>\n<p><strong>05.8. &#8211; 26.8.2025<\/strong><\/p>\n<p><img loading=\"lazy\" decoding=\"async\" class=\"alignnone wp-image-3627 \" src=\"https:\/\/radolfzell-stadtbibliothek.de\/wp-content\/uploads\/sites\/7\/2023\/08\/20230728_131058-576x1024.jpg\" alt=\"\" width=\"360\" height=\"640\" srcset=\"https:\/\/radolfzell-stadtbibliothek.de\/wp-content\/uploads\/sites\/7\/2023\/08\/20230728_131058-576x1024.jpg 576w, https:\/\/radolfzell-stadtbibliothek.de\/wp-content\/uploads\/sites\/7\/2023\/08\/20230728_131058-169x300.jpg 169w, https:\/\/radolfzell-stadtbibliothek.de\/wp-content\/uploads\/sites\/7\/2023\/08\/20230728_131058-768x1365.jpg 768w, https:\/\/radolfzell-stadtbibliothek.de\/wp-content\/uploads\/sites\/7\/2023\/08\/20230728_131058-864x1536.jpg 864w, https:\/\/radolfzell-stadtbibliothek.de\/wp-content\/uploads\/sites\/7\/2023\/08\/20230728_131058-1152x2048.jpg 1152w, https:\/\/radolfzell-stadtbibliothek.de\/wp-content\/uploads\/sites\/7\/2023\/08\/20230728_131058-scaled.jpg 1440w\" sizes=\"auto, (max-width: 360px) 100vw, 360px\" \/><img loading=\"lazy\" decoding=\"async\" class=\"alignnone wp-image-3628 \" src=\"https:\/\/radolfzell-stadtbibliothek.de\/wp-content\/uploads\/sites\/7\/2023\/08\/20230724_155234-scaled-e1692693177931-1024x959.jpg\" alt=\"\" width=\"683\" height=\"640\" srcset=\"https:\/\/radolfzell-stadtbibliothek.de\/wp-content\/uploads\/sites\/7\/2023\/08\/20230724_155234-scaled-e1692693177931-1024x959.jpg 1024w, https:\/\/radolfzell-stadtbibliothek.de\/wp-content\/uploads\/sites\/7\/2023\/08\/20230724_155234-scaled-e1692693177931-300x281.jpg 300w, https:\/\/radolfzell-stadtbibliothek.de\/wp-content\/uploads\/sites\/7\/2023\/08\/20230724_155234-scaled-e1692693177931-768x719.jpg 768w, https:\/\/radolfzell-stadtbibliothek.de\/wp-content\/uploads\/sites\/7\/2023\/08\/20230724_155234-scaled-e1692693177931-1536x1438.jpg 1536w, https:\/\/radolfzell-stadtbibliothek.de\/wp-content\/uploads\/sites\/7\/2023\/08\/20230724_155234-scaled-e1692693177931.jpg 1542w\" sizes=\"auto, (max-width: 683px) 100vw, 683px\" \/><\/p>\n<p><em>Image : Administration municipale de Radolfzell<\/em><\/p>\n<p>Le nouvel emplacement de la biblioth\u00e8que de quartier se trouve \u00e0 l&rsquo;h\u00f4tel de ville de Stahringen.<br \/>\nlivres d&rsquo;images, livres sp\u00e9cialis\u00e9s pour enfants, classiques pour enfants, r\u00e9cits pour les premiers lecteurs, les \u00e9l\u00e8ves de l&rsquo;\u00e9cole primaire et livres sp\u00e9cialis\u00e9s pour enfants y sont disponibles.<br \/>\njeux pour enfants, figurines Tonie et livres audio pour enfants compl\u00e8tent l&rsquo;offre, petite mais int\u00e9ressante.<\/p>\n<p>Il est possible d&rsquo;acheter des romans pour adultes dans l&rsquo;\u00e9tag\u00e8re \u00e0 livres situ\u00e9e dans l&rsquo;antichambre du chef du village, moyennant un petit don.<\/p>\n<p><strong>Horaires d&rsquo;ouverture :<\/strong><\/p>\n<p>lundi de 16h \u00e0 18h30<\/p>\n<p>A l&rsquo;h\u00f4tel de ville, 1er \u00e9tage<br \/>\nHomburgstrasse 5<\/p>\n","protected":false},"excerpt":{"rendered":"<p>Biblioth\u00e8que de quartier de B\u00f6hringen Vacances d&rsquo;\u00e9t\u00e9 \u00e0 la biblioth\u00e8que de quartier de B\u00f6hringen du 25.8. &#8211; 14.9.2025 Image : [&hellip;]<\/p>\n","protected":false},"author":1,"featured_media":0,"parent":6164,"menu_order":0,"comment_status":"closed","ping_status":"closed","template":"page-layout1.php","meta":{"_price":"","_stock":"","_tribe_ticket_header":"","_tribe_default_ticket_provider":"","_ticket_start_date":"","_ticket_end_date":"","_tribe_ticket_show_description":"","_tribe_ticket_show_not_going":false,"_tribe_ticket_use_global_stock":"","_tribe_ticket_global_stock_level":"","_global_stock_mode":"","_global_stock_cap":"","_tribe_rsvp_for_event":"","_tribe_ticket_going_count":"","_tribe_ticket_not_going_count":"","_tribe_tickets_list":"[]","_tribe_ticket_has_attendee_info_fields":false,"footnotes":""},"class_list":["post-6176","page","type-page","status-publish","hentry"],"yoast_head":"<!-- This site is optimized with the Yoast SEO plugin v26.7 - https:\/\/yoast.com\/wordpress\/plugins\/seo\/ -->\n<title>Biblioth\u00e8ques de quartier | Stadtbibliothek<\/title>\n<meta name=\"robots\" content=\"index, follow, max-snippet:-1, max-image-preview:large, max-video-preview:-1\" \/>\n<link rel=\"canonical\" href=\"https:\/\/radolfzell-stadtbibliothek.de\/fr\/page-daccueil\/bibliotheques-de-quartier\/\" \/>\n<meta property=\"og:locale\" content=\"fr_FR\" \/>\n<meta property=\"og:type\" content=\"article\" \/>\n<meta property=\"og:title\" content=\"Biblioth\u00e8ques de quartier | Stadtbibliothek\" \/>\n<meta property=\"og:description\" content=\"Biblioth\u00e8que de quartier de B\u00f6hringen Vacances d&rsquo;\u00e9t\u00e9 \u00e0 la biblioth\u00e8que de quartier de B\u00f6hringen du 25.8. &#8211; 14.9.2025 Image : [&hellip;]\" \/>\n<meta property=\"og:url\" content=\"https:\/\/radolfzell-stadtbibliothek.de\/fr\/page-daccueil\/bibliotheques-de-quartier\/\" \/>\n<meta property=\"og:site_name\" content=\"Stadtbibliothek\" \/>\n<meta property=\"article:modified_time\" content=\"2025-07-23T07:11:36+00:00\" \/>\n<meta property=\"og:image\" content=\"https:\/\/radolfzell-stadtbibliothek.de\/wp-content\/uploads\/sites\/7\/2019\/07\/Ortsteilbibliothek-B%C3%AEhringen_Copyright-Stadtbibliothek-Radolfzell-1024x680.jpg\" \/>\n<meta name=\"twitter:card\" content=\"summary_large_image\" \/>\n<meta name=\"twitter:label1\" content=\"Dur\u00e9e de lecture estim\u00e9e\" \/>\n\t<meta name=\"twitter:data1\" content=\"2 minutes\" \/>\n<script type=\"application\/ld+json\" class=\"yoast-schema-graph\">{\"@context\":\"https:\/\/schema.org\",\"@graph\":[{\"@type\":\"WebPage\",\"@id\":\"https:\/\/radolfzell-stadtbibliothek.de\/fr\/page-daccueil\/bibliotheques-de-quartier\/\",\"url\":\"https:\/\/radolfzell-stadtbibliothek.de\/fr\/page-daccueil\/bibliotheques-de-quartier\/\",\"name\":\"Biblioth\u00e8ques de quartier | Stadtbibliothek\",\"isPartOf\":{\"@id\":\"https:\/\/radolfzell-stadtbibliothek.de\/fr\/#website\"},\"primaryImageOfPage\":{\"@id\":\"https:\/\/radolfzell-stadtbibliothek.de\/fr\/page-daccueil\/bibliotheques-de-quartier\/#primaryimage\"},\"image\":{\"@id\":\"https:\/\/radolfzell-stadtbibliothek.de\/fr\/page-daccueil\/bibliotheques-de-quartier\/#primaryimage\"},\"thumbnailUrl\":\"https:\/\/radolfzell-stadtbibliothek.de\/wp-content\/uploads\/sites\/7\/2019\/07\/Ortsteilbibliothek-B%C3%AEhringen_Copyright-Stadtbibliothek-Radolfzell-1024x680.jpg\",\"datePublished\":\"2018-11-27T22:42:29+00:00\",\"dateModified\":\"2025-07-23T07:11:36+00:00\",\"breadcrumb\":{\"@id\":\"https:\/\/radolfzell-stadtbibliothek.de\/fr\/page-daccueil\/bibliotheques-de-quartier\/#breadcrumb\"},\"inLanguage\":\"fr-FR\",\"potentialAction\":[{\"@type\":\"ReadAction\",\"target\":[\"https:\/\/radolfzell-stadtbibliothek.de\/fr\/page-daccueil\/bibliotheques-de-quartier\/\"]}]},{\"@type\":\"ImageObject\",\"inLanguage\":\"fr-FR\",\"@id\":\"https:\/\/radolfzell-stadtbibliothek.de\/fr\/page-daccueil\/bibliotheques-de-quartier\/#primaryimage\",\"url\":\"https:\/\/radolfzell-stadtbibliothek.de\/wp-content\/uploads\/sites\/7\/2019\/07\/Ortsteilbibliothek-B%C3%AEhringen_Copyright-Stadtbibliothek-Radolfzell-1024x680.jpg\",\"contentUrl\":\"https:\/\/radolfzell-stadtbibliothek.de\/wp-content\/uploads\/sites\/7\/2019\/07\/Ortsteilbibliothek-B%C3%AEhringen_Copyright-Stadtbibliothek-Radolfzell-1024x680.jpg\"},{\"@type\":\"BreadcrumbList\",\"@id\":\"https:\/\/radolfzell-stadtbibliothek.de\/fr\/page-daccueil\/bibliotheques-de-quartier\/#breadcrumb\",\"itemListElement\":[{\"@type\":\"ListItem\",\"position\":1,\"name\":\"Startseite\",\"item\":\"https:\/\/radolfzell-stadtbibliothek.de\/fr\/page-daccueil\/\"},{\"@type\":\"ListItem\",\"position\":2,\"name\":\"Page d&rsquo;accueil\",\"item\":\"https:\/\/radolfzell-stadtbibliothek.de\/fr\/page-daccueil\/\"},{\"@type\":\"ListItem\",\"position\":3,\"name\":\"Biblioth\u00e8ques de quartier\"}]},{\"@type\":\"WebSite\",\"@id\":\"https:\/\/radolfzell-stadtbibliothek.de\/fr\/#website\",\"url\":\"https:\/\/radolfzell-stadtbibliothek.de\/fr\/\",\"name\":\"Stadtbibliothek\",\"description\":\"\",\"potentialAction\":[{\"@type\":\"SearchAction\",\"target\":{\"@type\":\"EntryPoint\",\"urlTemplate\":\"https:\/\/radolfzell-stadtbibliothek.de\/fr\/?s={search_term_string}\"},\"query-input\":{\"@type\":\"PropertyValueSpecification\",\"valueRequired\":true,\"valueName\":\"search_term_string\"}}],\"inLanguage\":\"fr-FR\"}]}<\/script>\n<!-- \/ Yoast SEO plugin. -->","yoast_head_json":{"title":"Biblioth\u00e8ques de quartier | Stadtbibliothek","robots":{"index":"index","follow":"follow","max-snippet":"max-snippet:-1","max-image-preview":"max-image-preview:large","max-video-preview":"max-video-preview:-1"},"canonical":"https:\/\/radolfzell-stadtbibliothek.de\/fr\/page-daccueil\/bibliotheques-de-quartier\/","og_locale":"fr_FR","og_type":"article","og_title":"Biblioth\u00e8ques de quartier | Stadtbibliothek","og_description":"Biblioth\u00e8que de quartier de B\u00f6hringen Vacances d&rsquo;\u00e9t\u00e9 \u00e0 la biblioth\u00e8que de quartier de B\u00f6hringen du 25.8. &#8211; 14.9.2025 Image : [&hellip;]","og_url":"https:\/\/radolfzell-stadtbibliothek.de\/fr\/page-daccueil\/bibliotheques-de-quartier\/","og_site_name":"Stadtbibliothek","article_modified_time":"2025-07-23T07:11:36+00:00","og_image":[{"url":"https:\/\/radolfzell-stadtbibliothek.de\/wp-content\/uploads\/sites\/7\/2019\/07\/Ortsteilbibliothek-B%C3%AEhringen_Copyright-Stadtbibliothek-Radolfzell-1024x680.jpg","type":"","width":"","height":""}],"twitter_card":"summary_large_image","twitter_misc":{"Dur\u00e9e de lecture estim\u00e9e":"2 minutes"},"schema":{"@context":"https:\/\/schema.org","@graph":[{"@type":"WebPage","@id":"https:\/\/radolfzell-stadtbibliothek.de\/fr\/page-daccueil\/bibliotheques-de-quartier\/","url":"https:\/\/radolfzell-stadtbibliothek.de\/fr\/page-daccueil\/bibliotheques-de-quartier\/","name":"Biblioth\u00e8ques de quartier | Stadtbibliothek","isPartOf":{"@id":"https:\/\/radolfzell-stadtbibliothek.de\/fr\/#website"},"primaryImageOfPage":{"@id":"https:\/\/radolfzell-stadtbibliothek.de\/fr\/page-daccueil\/bibliotheques-de-quartier\/#primaryimage"},"image":{"@id":"https:\/\/radolfzell-stadtbibliothek.de\/fr\/page-daccueil\/bibliotheques-de-quartier\/#primaryimage"},"thumbnailUrl":"https:\/\/radolfzell-stadtbibliothek.de\/wp-content\/uploads\/sites\/7\/2019\/07\/Ortsteilbibliothek-B%C3%AEhringen_Copyright-Stadtbibliothek-Radolfzell-1024x680.jpg","datePublished":"2018-11-27T22:42:29+00:00","dateModified":"2025-07-23T07:11:36+00:00","breadcrumb":{"@id":"https:\/\/radolfzell-stadtbibliothek.de\/fr\/page-daccueil\/bibliotheques-de-quartier\/#breadcrumb"},"inLanguage":"fr-FR","potentialAction":[{"@type":"ReadAction","target":["https:\/\/radolfzell-stadtbibliothek.de\/fr\/page-daccueil\/bibliotheques-de-quartier\/"]}]},{"@type":"ImageObject","inLanguage":"fr-FR","@id":"https:\/\/radolfzell-stadtbibliothek.de\/fr\/page-daccueil\/bibliotheques-de-quartier\/#primaryimage","url":"https:\/\/radolfzell-stadtbibliothek.de\/wp-content\/uploads\/sites\/7\/2019\/07\/Ortsteilbibliothek-B%C3%AEhringen_Copyright-Stadtbibliothek-Radolfzell-1024x680.jpg","contentUrl":"https:\/\/radolfzell-stadtbibliothek.de\/wp-content\/uploads\/sites\/7\/2019\/07\/Ortsteilbibliothek-B%C3%AEhringen_Copyright-Stadtbibliothek-Radolfzell-1024x680.jpg"},{"@type":"BreadcrumbList","@id":"https:\/\/radolfzell-stadtbibliothek.de\/fr\/page-daccueil\/bibliotheques-de-quartier\/#breadcrumb","itemListElement":[{"@type":"ListItem","position":1,"name":"Startseite","item":"https:\/\/radolfzell-stadtbibliothek.de\/fr\/page-daccueil\/"},{"@type":"ListItem","position":2,"name":"Page d&rsquo;accueil","item":"https:\/\/radolfzell-stadtbibliothek.de\/fr\/page-daccueil\/"},{"@type":"ListItem","position":3,"name":"Biblioth\u00e8ques de quartier"}]},{"@type":"WebSite","@id":"https:\/\/radolfzell-stadtbibliothek.de\/fr\/#website","url":"https:\/\/radolfzell-stadtbibliothek.de\/fr\/","name":"Stadtbibliothek","description":"","potentialAction":[{"@type":"SearchAction","target":{"@type":"EntryPoint","urlTemplate":"https:\/\/radolfzell-stadtbibliothek.de\/fr\/?s={search_term_string}"},"query-input":{"@type":"PropertyValueSpecification","valueRequired":true,"valueName":"search_term_string"}}],"inLanguage":"fr-FR"}]}},"_links":{"self":[{"href":"https:\/\/radolfzell-stadtbibliothek.de\/fr\/wp-json\/wp\/v2\/pages\/6176","targetHints":{"allow":["GET"]}}],"collection":[{"href":"https:\/\/radolfzell-stadtbibliothek.de\/fr\/wp-json\/wp\/v2\/pages"}],"about":[{"href":"https:\/\/radolfzell-stadtbibliothek.de\/fr\/wp-json\/wp\/v2\/types\/page"}],"author":[{"embeddable":true,"href":"https:\/\/radolfzell-stadtbibliothek.de\/fr\/wp-json\/wp\/v2\/users\/1"}],"replies":[{"embeddable":true,"href":"https:\/\/radolfzell-stadtbibliothek.de\/fr\/wp-json\/wp\/v2\/comments?post=6176"}],"version-history":[{"count":4,"href":"https:\/\/radolfzell-stadtbibliothek.de\/fr\/wp-json\/wp\/v2\/pages\/6176\/revisions"}],"predecessor-version":[{"id":11127,"href":"https:\/\/radolfzell-stadtbibliothek.de\/fr\/wp-json\/wp\/v2\/pages\/6176\/revisions\/11127"}],"up":[{"embeddable":true,"href":"https:\/\/radolfzell-stadtbibliothek.de\/fr\/wp-json\/wp\/v2\/pages\/6164"}],"wp:attachment":[{"href":"https:\/\/radolfzell-stadtbibliothek.de\/fr\/wp-json\/wp\/v2\/media?parent=6176"}],"curies":[{"name":"wp","href":"https:\/\/api.w.org\/{rel}","templated":true}]}}